


{"id":5265,"date":"2026-03-17T10:59:23","date_gmt":"2026-03-17T09:59:23","guid":{"rendered":"https:\/\/web.spetsa.se\/?post_type=tribe_events&#038;p=5265"},"modified":"2026-03-17T10:59:23","modified_gmt":"2026-03-17T09:59:23","slug":"bedomning-av-arbetsformaga-9-10-juni-2026-digital","status":"publish","type":"tribe_events","link":"https:\/\/web.spetsa.se\/eng\/event\/bedomning-av-arbetsformaga-9-10-juni-2026-digital\/","title":{"rendered":"Bed\u00f6mning av arbetsf\u00f6rm\u00e5ga 9-10 juni 2026 (digital)"},"content":{"rendered":"Syftet med tillf\u00e4llet \u00e4r att ge kunskap i anv\u00e4ndningen av bed\u00f6mningsinstrumenten Assessment of Work Performance (AWP), Assessment of Work Characteristics (AWC), Work Environment Impact Scale (WEIS) och Worker Role Interview (WRI). Ovanst\u00e5ende bed\u00f6mningsinstrument anv\u00e4nds f\u00f6r att bed\u00f6ma olika aspekter som har betydelse f\u00f6r klienters arbetsf\u00f6rm\u00e5ga och de har sin teoretiska grund i Model of Human Occupation (Kielhofner, 1995, 2002, 2008: Taylor 2017).\r\n<h2>Program<\/h2>\r\n<ul>\r\n \t<li>Genomg\u00e5ng av bed\u00f6mningsinstrumenten och deras anv\u00e4ndningsomr\u00e5den, teoretisk f\u00f6rankring samt forskning som bedrivs kring bed\u00f6mningsinstrumenten.<\/li>\r\n \t<li>Till\u00e4mpning av i bed\u00f6mningsinstrumenten, skattningar av inspelade observationer\/intervjuer samt uppf\u00f6ljningar med diskussioner.<\/li>\r\n<\/ul>\r\n<h2>Tid och plats<\/h2>\r\n9 &#8211; 10 juni 2026, kl 08,30 till 16,30. Digitalt via Zoom Heldagar.\r\n<h2>Avgift<\/h2>\r\n17 800 kr exkl moms Fakturering sker digitalt f\u00f6re start.\r\n<h4>I avgiften ing\u00e5r<\/h4>\r\nDigitalt material, senaste versionerna av bed\u00f6mningsinstrumenten,\u00a0 2-\u00e5rs anv\u00e4ndarlicenser med fri tillg\u00e5ng till uppdateringar av instrumenten.\r\n<h2>Ledare<\/h2>\r\nElin Ekbladh Universitetslektor, docent Jan Sandqvist Bitr\u00e4dande professor\r\n<h2>Anm\u00e4lan och praktiska fr\u00e5gor<\/h2>\r\nTillf\u00e4llet administreras av Spetsa som \u00e4r ett aff\u00e4rsomr\u00e5de inom Unitalent AB och som \u00e4gs av Link\u00f6pings universitets holdingbolag. Vid fr\u00e5gor kring anm\u00e4lan och praktiska sp\u00f6rsm\u00e5l, kontakta <a href=\"mailto:adm@spetsa.se\">adm@spetsa.se<\/a>\r\n<h2>Anm\u00e4lan<\/h2>\r\nAnm\u00e4lan \u00f6ppnar 17 mars och st\u00e4nger 8 juni 2026. Anm\u00e4lan \u00e4r bindande. \u00c4r platserna fulla? Kontakta <a href=\"mailto:adm@spetsa.se\">adm@spetsa.se<\/a> f\u00f6r att hamna p\u00e5 reservlistan.","protected":false},"excerpt":{"rendered":"<p>Syftet med tillf\u00e4llet \u00e4r att ge kunskap i anv\u00e4ndningen av  [&#8230;]<\/p>\n","protected":false},"author":2079,"featured_media":4880,"template":"","meta":{"_price":"","_stock":"","_tribe_ticket_header":"","_tribe_default_ticket_provider":"Tribe__Tickets_Plus__Commerce__WooCommerce__Main","_tribe_ticket_capacity":"0","_ticket_start_date":"","_ticket_end_date":"","_tribe_ticket_show_description":"","_tribe_ticket_show_not_going":false,"_tribe_ticket_use_global_stock":"","_tribe_ticket_global_stock_level":"","_global_stock_mode":"","_global_stock_cap":"","_tribe_rsvp_for_event":"","_tribe_ticket_going_count":"","_tribe_ticket_not_going_count":"","_tribe_tickets_list":"[{\"id\":5266,\"type\":\"default\",\"title\":\"Biljett kurs i bed\\u00f6mning av arbetsf\\u00f6rm\\u00e5ga 9-10 juni 2026\",\"description\":\"\",\"capacityType\":\"own\",\"price\":17800,\"capacity\":40,\"available\":29,\"sharedCapacity\":40,\"sold\":11,\"shareSold\":11,\"isShared\":false,\"currencyDecimalPoint\":\",\",\"currencyNumberOfDecimals\":2,\"currencyPosition\":\"prefix\",\"currencySymbol\":\"$\",\"currencyThousandsSep\":\"\"}]","_tribe_ticket_has_attendee_info_fields":false,"_tribe_events_status":"","_tribe_events_status_reason":"","footnotes":"","_tec_slr_enabled":"","_tec_slr_layout":""},"tags":[],"tribe_events_cat":[23],"class_list":["post-5265","tribe_events","type-tribe_events","status-publish","has-post-thumbnail","hentry","tribe_events_cat-work-assessment","cat_work-assessment"],"jetpack_sharing_enabled":true,"ticketed":["woo"],"_links":{"self":[{"href":"https:\/\/web.spetsa.se\/eng\/wp-json\/wp\/v2\/tribe_events\/5265","targetHints":{"allow":["GET"]}}],"collection":[{"href":"https:\/\/web.spetsa.se\/eng\/wp-json\/wp\/v2\/tribe_events"}],"about":[{"href":"https:\/\/web.spetsa.se\/eng\/wp-json\/wp\/v2\/types\/tribe_events"}],"author":[{"embeddable":true,"href":"https:\/\/web.spetsa.se\/eng\/wp-json\/wp\/v2\/users\/2079"}],"version-history":[{"count":1,"href":"https:\/\/web.spetsa.se\/eng\/wp-json\/wp\/v2\/tribe_events\/5265\/revisions"}],"predecessor-version":[{"id":5267,"href":"https:\/\/web.spetsa.se\/eng\/wp-json\/wp\/v2\/tribe_events\/5265\/revisions\/5267"}],"wp:featuredmedia":[{"embeddable":true,"href":"https:\/\/web.spetsa.se\/eng\/wp-json\/wp\/v2\/media\/4880"}],"wp:attachment":[{"href":"https:\/\/web.spetsa.se\/eng\/wp-json\/wp\/v2\/media?parent=5265"}],"wp:term":[{"taxonomy":"post_tag","embeddable":true,"href":"https:\/\/web.spetsa.se\/eng\/wp-json\/wp\/v2\/tags?post=5265"},{"taxonomy":"tribe_events_cat","embeddable":true,"href":"https:\/\/web.spetsa.se\/eng\/wp-json\/wp\/v2\/tribe_events_cat?post=5265"}],"curies":[{"name":"wp","href":"https:\/\/api.w.org\/{rel}","templated":true}]}}