


{"id":5366,"date":"2026-04-15T11:40:56","date_gmt":"2026-04-15T09:40:56","guid":{"rendered":"https:\/\/web.spetsa.se\/?post_type=tribe_events&#038;p=5366"},"modified":"2026-04-15T11:40:56","modified_gmt":"2026-04-15T09:40:56","slug":"introduktion-till-awp-fk-specifik-tillampning-av-assessment-of-work-performance-awp-19-nov-2026-digital","status":"publish","type":"tribe_events","link":"https:\/\/web.spetsa.se\/eng\/event\/introduktion-till-awp-fk-specifik-tillampning-av-assessment-of-work-performance-awp-19-nov-2026-digital\/","title":{"rendered":"Introduktion till AWP-FK, specifik till\u00e4mpning av Assessment of Work Performance (AWP) 19 nov 2026 (digital)"},"content":{"rendered":"<p class=\"elementToProof\">Tillf\u00e4llet v\u00e4nder sig till dig som har ett behov av att anv\u00e4nda strukturerade uppgifter vid bed\u00f6mning av arbetsf\u00f6rm\u00e5ga\/aktivitetsf\u00f6rm\u00e5ga. AWP-FK ing\u00e5r som arbetsterapeutisk metod i F\u00f6rs\u00e4kringskassans nationella bed\u00f6mningsverktyg inom Aktivitetsf\u00f6rm\u00e5geutredning (AFU), men anv\u00e4nds ocks\u00e5 inom en rad andra verksamheter av bed\u00f6mare med varierad yrkesbakgrund. Det finns m\u00e5nga sammanhang d\u00e4r en bed\u00f6mning av klienters arbetsf\u00f6rm\u00e5ga\/aktivitetsf\u00f6rm\u00e5ga i strukturerade arbetsuppgifter kan bidra till \u00f6kad kvalitet i bed\u00f6mningen. F\u00f6r att delta kr\u00e4vs inte att du har f\u00f6rkunskaper i grundinstrumentet AWP, d\u00e4remot att du har kunskap om variablerna. Du som anm\u00e4ler dig kommer att f\u00f6rses med material f\u00f6re startdagen f\u00f6r att m\u00f6jligg\u00f6ra inl\u00e4sning av de variabler som bed\u00f6ms.<\/p>\n<p class=\"elementToProof\">Syftet med tillf\u00e4llet \u00e4r att ge kunskap i inneh\u00e5ll och anv\u00e4ndning av AWP-FK och de tre strukturerade arbetsuppgifterna som ing\u00e5r i applikationen. Under tillf\u00e4llet kommer du att f\u00e5 \u00f6kad kunskap om de ing\u00e5ende arbetsuppgifterna, exempel p\u00e5 hur bed\u00f6mningsmilj\u00f6n kan utformas samt m\u00f6jlighet att tr\u00e4na dina f\u00e4rdigheter i att genomf\u00f6ra observation och bed\u00f6mning av klienter som utf\u00f6r arbetsuppgifterna.<\/p>\n<p><strong style=\"font-size: 84px; letter-spacing: -0.041563em; font-family: 'Inter var', -apple-system, BlinkMacSystemFont, 'Helvetica Neue', Helvetica, sans-serif;\">Program<\/strong><\/p>\n<ul>\n<li>Genomg\u00e5ng av AWP-FK och dess anv\u00e4ndningsomr\u00e5de med teoretisk f\u00f6rankring<\/li>\n<li>Till\u00e4mpning av AWP-FK genom observation av inspelade arbetsuppgifter, bed\u00f6mning och diskussion.<\/li>\n<li>Forskning som bedrivs kring bed\u00f6mningsinstrumentet.<\/li>\n<\/ul>\n<h1><strong>Tid och plats<\/strong><\/h1>\n<p>19:e nov 2026<\/p>\n<p>Digitalt via Zoom.<\/p>\n<p>Heldag kl 8.00-16.30<\/p>\n<h1><strong>Avgift<\/strong><\/h1>\n<p>10 000 \u00a0kr exkl moms<\/p>\n<p>Anm\u00e4lan f\u00f6rfaktureras n\u00e4r vi har tillr\u00e4ckligt m\u00e5nga anm\u00e4lda.<\/p>\n<h2><strong>I avgiften ing\u00e5r<\/strong><\/h2>\n<p>Material, senaste versionerna av bed\u00f6mningsinstrumentet AWP och applikationen AWP-FK, 2-\u00e5rs anv\u00e4ndarlicenser med fri tillg\u00e5ng till uppdateringar av instrumentet.<\/p>\n<h1><strong>Ledare<\/strong><\/h1>\n<p>Ledare \u00e4r Elin Karlsson och Christin Wennersten, men inneh\u00e5llet har tagits fram i samverkan med Jan Sandqvist.<\/p>\n<p>Christin Wennersten \u2013 <i>leg. Arbetsterapeut, specialist i arbetslivsinriktad rehabilitering<\/i>. Christin arbetar sedan flertalet \u00e5r tillbaka med f\u00f6rs\u00e4kringsmedicinska utredningar, men har ocks\u00e5 erfarenhet fr\u00e5n vuxenpsykiatrin och sm\u00e4rtrehabilitering. Har \u00e4ven undervisat p\u00e5 arbetsterapeutprogrammet p\u00e5 Link\u00f6pings universitet under n\u00e5gra \u00e5r. Arbetar med kursverksamhet och vidareutveckling av AWP-FK och AWP-SA.<\/p>\n<p>Elin Karlsson \u2013 <i>leg. Arbetsterapeut, postdoktor i folkh\u00e4lsovetenskap och socialmedicin vid Link\u00f6pings universitet<\/i>. Elin har arbetat inom bl.a. vuxenpsykiatrin och \u00e4gnar sig numera \u00e5t undervisning och forskning vid medicinska fakulteten p\u00e5 Link\u00f6pings universitet. Arbetar \u00e4ven med kursverksamhet och vidareutveckling av AWP-FK och AWP-SA.<\/p>\n<p>Jan Sandqvist som utvecklat bed\u00f6mningsinstrumenten AWP och AWC arbetar som universitetslektor i arbetsterapi vid Institutionen f\u00f6r Samh\u00e4lls- och v\u00e4lf\u00e4rdsstudier (ISV) vid Link\u00f6pings universitet.<\/p>\n<h1>Anm\u00e4lan och praktiska fr\u00e5gor<\/h1>\n<p>Tillf\u00e4llet administreras av Spetsa som ett aff\u00e4rsomr\u00e5de inom Unitalent AB och som \u00e4gs av Link\u00f6pings universitets holdingbolag. Vid fr\u00e5gor kring anm\u00e4lan och praktiska sp\u00f6rsm\u00e5l, kontakta <a href=\"mailto:adm@spetsa.se\">adm@spetsa.se<\/a><\/p>\n<p>Observera att detta <strong>inte<\/strong> \u00e4r en digital variant av \u201dBed\u00f6mning av arbetsf\u00f6rm\u00e5ga\u201d utan en separat f\u00f6rdjupning inom applikationen AWP-FK.<\/p>\n<p>\u00c4r platserna fulla? Kontakta <a href=\"mailto:adm@spetsa.se\">adm@spetsa.se<\/a> f\u00f6r att hamna p\u00e5 reservlistan.<\/p>\n<p>&nbsp;<\/p>","protected":false},"excerpt":{"rendered":"<p>Tillf\u00e4llet v\u00e4nder sig till dig som har ett behov av  [&#8230;]<\/p>\n","protected":false},"author":2079,"featured_media":4878,"template":"","meta":{"_price":"","_stock":"","_tribe_ticket_header":"","_tribe_default_ticket_provider":"Tribe__Tickets_Plus__Commerce__WooCommerce__Main","_tribe_ticket_capacity":"0","_ticket_start_date":"","_ticket_end_date":"","_tribe_ticket_show_description":"","_tribe_ticket_show_not_going":false,"_tribe_ticket_use_global_stock":"","_tribe_ticket_global_stock_level":"","_global_stock_mode":"","_global_stock_cap":"","_tribe_rsvp_for_event":"","_tribe_ticket_going_count":"","_tribe_ticket_not_going_count":"","_tribe_tickets_list":"[{\"id\":5367,\"type\":\"default\",\"title\":\"Introduktion till AWP-FK 19 nov\",\"description\":\"\",\"capacityType\":\"own\",\"price\":10000,\"capacity\":30,\"available\":30,\"sharedCapacity\":30,\"sold\":0,\"shareSold\":0,\"isShared\":false,\"currencyDecimalPoint\":\",\",\"currencyNumberOfDecimals\":2,\"currencyPosition\":\"prefix\",\"currencySymbol\":\"$\",\"currencyThousandsSep\":\"\"}]","_tribe_ticket_has_attendee_info_fields":false,"_tribe_events_status":"","_tribe_events_status_reason":"","footnotes":"","_tec_slr_enabled":"","_tec_slr_layout":""},"tags":[],"tribe_events_cat":[23],"class_list":["post-5366","tribe_events","type-tribe_events","status-publish","has-post-thumbnail","hentry","tribe_events_cat-work-assessment","cat_work-assessment"],"jetpack_sharing_enabled":true,"ticketed":["woo"],"_links":{"self":[{"href":"https:\/\/web.spetsa.se\/eng\/wp-json\/wp\/v2\/tribe_events\/5366","targetHints":{"allow":["GET"]}}],"collection":[{"href":"https:\/\/web.spetsa.se\/eng\/wp-json\/wp\/v2\/tribe_events"}],"about":[{"href":"https:\/\/web.spetsa.se\/eng\/wp-json\/wp\/v2\/types\/tribe_events"}],"author":[{"embeddable":true,"href":"https:\/\/web.spetsa.se\/eng\/wp-json\/wp\/v2\/users\/2079"}],"version-history":[{"count":1,"href":"https:\/\/web.spetsa.se\/eng\/wp-json\/wp\/v2\/tribe_events\/5366\/revisions"}],"predecessor-version":[{"id":5368,"href":"https:\/\/web.spetsa.se\/eng\/wp-json\/wp\/v2\/tribe_events\/5366\/revisions\/5368"}],"wp:featuredmedia":[{"embeddable":true,"href":"https:\/\/web.spetsa.se\/eng\/wp-json\/wp\/v2\/media\/4878"}],"wp:attachment":[{"href":"https:\/\/web.spetsa.se\/eng\/wp-json\/wp\/v2\/media?parent=5366"}],"wp:term":[{"taxonomy":"post_tag","embeddable":true,"href":"https:\/\/web.spetsa.se\/eng\/wp-json\/wp\/v2\/tags?post=5366"},{"taxonomy":"tribe_events_cat","embeddable":true,"href":"https:\/\/web.spetsa.se\/eng\/wp-json\/wp\/v2\/tribe_events_cat?post=5366"}],"curies":[{"name":"wp","href":"https:\/\/api.w.org\/{rel}","templated":true}]}}